{"id":2472,"date":"2020-10-10T12:30:19","date_gmt":"2020-10-10T12:30:19","guid":{"rendered":"https:\/\/ocaction.org\/?page_id=2472"},"modified":"2025-02-06T21:48:19","modified_gmt":"2025-02-07T05:48:19","slug":"irvine","status":"publish","type":"page","link":"https:\/\/ocpac.vote\/es\/irvine\/","title":{"rendered":"Irvine"},"content":{"rendered":"\n<h3 class=\"has-text-align-center has-secondary-color has-text-color wp-block-heading\" id=\"irvine1\">Alcalde de Irvine<\/h3>\n\n\n\n<div class=\"wp-block-columns alignwide is-layout-flex wp-container-core-columns-is-layout-9d6595d7 wp-block-columns-is-layout-flex\">\n<div class=\"wp-block-column is-layout-flow wp-block-column-is-layout-flow\">\n<p>OCCET Action recomienda a Farrah Khan como alcalde de Irvine.<\/p>\n\n\n\n<p><strong>Farrah Khan<\/strong> es due\u00f1a de un restaurante, concejal de Irvine, y ha trabajado en el sector de negocios tanto como en el sector sin fines de lucro.<\/p>\n\n\n\n<p>Algunas de sus prioridades incluyen:<\/p>\n\n\n\n<ul class=\"wp-block-list\"><li>expandir viviendas para ancianos, veteranos, y personas con discapacidad o que han experimentado desalojo, para aumentar <strong>viviendas inclusivas<\/strong><\/li><li><strong>reducir emisiones<\/strong> de gas invernadero<\/li><li>recuperaci\u00f3n econ\u00f3mica del da\u00f1o causado por la pandemia<\/li><li>asistencia a inquilinos<\/li><li>enfrentar el tema de la <strong>violencia policial<\/strong>, aumentar c\u00e1maras de cuerpo y educaci\u00f3n a oficiales de polic\u00eda<\/li><\/ul>\n\n\n\n<p><\/p>\n<\/div>\n\n\n\n<div class=\"wp-block-column is-vertically-aligned-top is-layout-flow wp-block-column-is-layout-flow\">\n<figure class=\"wp-block-image size-large\"><img decoding=\"async\" src=\"https:\/\/ocaction.org\/wp-content\/uploads\/sites\/56\/2020\/10\/Candidate-Check-rev25.png\" alt=\"\" class=\"wp-image-2312\" \/><\/figure>\n<\/div>\n\n\n\n<div class=\"wp-block-column is-vertically-aligned-top is-layout-flow wp-block-column-is-layout-flow\">\n<h4 class=\"has-secondary-color has-text-color wp-block-heading\">Respaldantes<\/h4>\n\n\n\n<p>Algunos de aquellos que respaldan a Farrah Khan incluyen:<\/p>\n\n\n\n<ul class=\"wp-block-list\"><li>U.S. Representative Katie Porter (CA-45)<\/li><li>Former Irvine Mayors Beth Krom and Sukhee Kang<\/li><li>UA Local 582 &#8211; Plumbers &amp; Steamfitters<\/li><li>Community Action Fund of Planned Parenthood of Orange &amp; San Bernardino<\/li><\/ul>\n\n\n\n<div class=\"wp-block-buttons is-layout-flex wp-block-buttons-is-layout-flex\">\n<div class=\"wp-block-button is-style-outline is-style-outline--1\"><a class=\"wp-block-button__link\" href=\"https:\/\/www.farrahforirvine.com\/endorsements\">Ver lista completa<\/a><\/div>\n<\/div>\n<\/div>\n<\/div>\n\n\n\n<div class=\"wp-block-cover alignfull has-background-dim\" style=\"background-color:#347ace;min-height:150px;aspect-ratio:unset;\"><div class=\"wp-block-cover__inner-container is-layout-flow wp-block-cover-is-layout-flow\">\n<p class=\"has-text-align-center has-large-font-size\"><\/p>\n<\/div><\/div>\n\n\n\n<h3 class=\"has-text-align-center has-secondary-color has-text-color wp-block-heading\" id=\"irvine2\">Concejal de Irvine<\/h3>\n\n\n\n<div class=\"wp-block-columns alignwide is-layout-flex wp-container-core-columns-is-layout-9d6595d7 wp-block-columns-is-layout-flex\">\n<div class=\"wp-block-column is-layout-flow wp-block-column-is-layout-flow\">\n<p>OCCET Action recomienda a Tammy Kim como concejal de Irvine.<\/p>\n\n\n\n<p><strong>Tammy Kim<\/strong> es fundadora de la organizaci\u00f3n Korean American Center, que provee asistencia a la comunidad inmigrante. Kim tambi\u00e9n ha trabajado en varias compa\u00f1\u00edas en el sector de inform\u00e1tica.<\/p>\n\n\n\n<p>Algunas de sus prioridades incluyen:<\/p>\n\n\n\n<ul class=\"wp-block-list\"><li>crear una completa gama de viviendas, con un enfoque en <strong>viviendas asequibles<\/strong><\/li><li>econom\u00eda sostenible y una<strong> pol\u00edtica de medio ambiente sostenible<\/strong><\/li><li><strong>justicia social<\/strong>, diversidad, e inclusi\u00f3n<\/li><\/ul>\n\n\n\n<p><\/p>\n<\/div>\n\n\n\n<div class=\"wp-block-column is-vertically-aligned-top is-layout-flow wp-block-column-is-layout-flow\">\n<figure class=\"wp-block-image size-large\"><img decoding=\"async\" src=\"https:\/\/ocaction.org\/wp-content\/uploads\/sites\/56\/2020\/10\/Candidate-Check-rev212.png\" alt=\"\" class=\"wp-image-2340\" \/><\/figure>\n<\/div>\n\n\n\n<div class=\"wp-block-column is-vertically-aligned-top is-layout-flow wp-block-column-is-layout-flow\">\n<h4 class=\"has-secondary-color has-text-color wp-block-heading\">Respaldantes<\/h4>\n\n\n\n<p>Algunos de aquellos que respaldan a Tammy Kim incluyen:<\/p>\n\n\n\n<ul class=\"wp-block-list\"><li>U.S. Representative Katie Porter (CA-45)<\/li><li>California Nurses Association<\/li><li>Community Action Fund of Planned Parenthood of Orange &amp; San Bernardino<\/li><\/ul>\n\n\n\n<div class=\"wp-block-buttons is-layout-flex wp-block-buttons-is-layout-flex\">\n<div class=\"wp-block-button is-style-outline is-style-outline--2\"><a class=\"wp-block-button__link\" href=\"https:\/\/www.tammykim.com\/endorsements\">Ver lista completa<\/a><\/div>\n<\/div>\n<\/div>\n<\/div>\n\n\n\n<div class=\"wp-block-cover alignfull has-background-dim is-position-center-center\" style=\"background-image:url(https:\/\/ocaction.org\/wp-content\/uploads\/sites\/56\/2020\/09\/Irvine-Regional-Park.jpg);background-color:#347ace;background-position:41% 62%;min-height:20px;aspect-ratio:unset;\"><div class=\"wp-block-cover__inner-container is-layout-flow wp-block-cover-is-layout-flow\">\n<div class=\"wp-block-media-text alignwide has-media-on-the-right is-stacked-on-mobile is-vertically-aligned-center\" style=\"grid-template-columns:auto 33%\"><figure class=\"wp-block-media-text__media\"><img decoding=\"async\" src=\"https:\/\/ocaction.org\/wp-content\/uploads\/sites\/56\/2020\/09\/Irvine-Map.png\" alt=\"\" class=\"wp-image-1928\" \/><\/figure><div class=\"wp-block-media-text__content\">\n<h2 class=\"has-text-align-right wp-block-heading\" id=\"irvine\">Irvine<\/h2>\n\n\n\n<p>En Irvine hay cuatro concejales y un alcalde. Los concejales establecen pol\u00edticas p\u00fablicas, legislan ordenanzas, y crean el presupuesto. El concejo nombra a un administrador municipal, encargado con la administraci\u00f3n.<\/p>\n\n\n\n<p>Cada dos a\u00f1os, el alcalde y dos miembros del concejo son electos por votaci\u00f3n generalizada (\u00abat-large\u00bb). <a href=\"https:\/\/www.cityofirvine.org\/government\/city-clerk\/election-information\"><span style=\"color:#ffea00\" class=\"has-inline-color\">De los 14 candidatos<\/span><\/a> que se postularon al concejo en 2020, los dos candidatos que obtengan m\u00e1s votos ser\u00e1n electos.<\/p>\n<\/div><\/div>\n<\/div><\/div>\n\n\n\n<p class=\"disclaimerbox\"><span style=\"text-decoration: underline\">Paid for by Orange County PAC (FEC ID#C00754192), Sponsored by OC Action<\/span><br><span style=\"text-decoration: underline\">Not authorized by a candidate or a committee controlled by a candidate.<\/span><\/p>\n","protected":false},"excerpt":{"rendered":"<p>Alcalde de Irvine OCCET Action recomienda a Farrah Khan como alcalde de Irvine. Farrah Khan es due\u00f1a de un restaurante, concejal de Irvine, y ha trabajado en el sector de negocios tanto como en el sector sin fines de lucro. Algunas de sus prioridades incluyen: expandir viviendas para ancianos, veteranos, y personas con discapacidad o [&hellip;]<\/p>\n","protected":false},"author":1,"featured_media":0,"parent":0,"menu_order":0,"comment_status":"closed","ping_status":"closed","template":"","meta":{"footnotes":""},"class_list":["post-2472","page","type-page","status-publish","hentry"],"yoast_head":"<!-- This site is optimized with the Yoast SEO Premium plugin v25.6 (Yoast SEO v25.6) - https:\/\/yoast.com\/wordpress\/plugins\/seo\/ -->\n<title>Irvine - Orange County PAC<\/title>\n<meta name=\"robots\" content=\"index, follow, max-snippet:-1, max-image-preview:large, max-video-preview:-1\" \/>\n<link rel=\"canonical\" href=\"https:\/\/ocpac.vote\/es\/irvine\/\" \/>\n<meta property=\"og:locale\" content=\"es_ES\" \/>\n<meta property=\"og:type\" content=\"article\" \/>\n<meta property=\"og:title\" content=\"Irvine\" \/>\n<meta property=\"og:description\" content=\"Alcalde de Irvine OCCET Action recomienda a Farrah Khan como alcalde de Irvine. Farrah Khan es due\u00f1a de un restaurante, concejal de Irvine, y ha trabajado en el sector de negocios tanto como en el sector sin fines de lucro. Algunas de sus prioridades incluyen: expandir viviendas para ancianos, veteranos, y personas con discapacidad o [&hellip;]\" \/>\n<meta property=\"og:url\" content=\"https:\/\/ocpac.vote\/es\/irvine\/\" \/>\n<meta property=\"og:site_name\" content=\"Orange County PAC\" \/>\n<meta property=\"article:modified_time\" content=\"2025-02-07T05:48:19+00:00\" \/>\n<meta name=\"twitter:card\" content=\"summary_large_image\" \/>\n<meta name=\"twitter:label1\" content=\"Tiempo de lectura\" \/>\n\t<meta name=\"twitter:data1\" content=\"2 minutos\" \/>\n<script type=\"application\/ld+json\" class=\"yoast-schema-graph\">{\"@context\":\"https:\/\/schema.org\",\"@graph\":[{\"@type\":\"WebPage\",\"@id\":\"https:\/\/ocpac.vote\/es\/irvine\/\",\"url\":\"https:\/\/ocpac.vote\/es\/irvine\/\",\"name\":\"Irvine - Orange County PAC\",\"isPartOf\":{\"@id\":\"https:\/\/ocpac.vote\/#website\"},\"primaryImageOfPage\":{\"@id\":\"https:\/\/ocpac.vote\/es\/irvine\/#primaryimage\"},\"image\":{\"@id\":\"https:\/\/ocpac.vote\/es\/irvine\/#primaryimage\"},\"thumbnailUrl\":\"https:\/\/ocaction.org\/wp-content\/uploads\/sites\/56\/2020\/10\/Candidate-Check-rev25.png\",\"datePublished\":\"2020-10-10T12:30:19+00:00\",\"dateModified\":\"2025-02-07T05:48:19+00:00\",\"breadcrumb\":{\"@id\":\"https:\/\/ocpac.vote\/es\/irvine\/#breadcrumb\"},\"inLanguage\":\"es\",\"potentialAction\":[{\"@type\":\"ReadAction\",\"target\":[\"https:\/\/ocpac.vote\/es\/irvine\/\"]}]},{\"@type\":\"ImageObject\",\"inLanguage\":\"es\",\"@id\":\"https:\/\/ocpac.vote\/es\/irvine\/#primaryimage\",\"url\":\"https:\/\/ocaction.org\/wp-content\/uploads\/sites\/56\/2020\/10\/Candidate-Check-rev25.png\",\"contentUrl\":\"https:\/\/ocaction.org\/wp-content\/uploads\/sites\/56\/2020\/10\/Candidate-Check-rev25.png\"},{\"@type\":\"BreadcrumbList\",\"@id\":\"https:\/\/ocpac.vote\/es\/irvine\/#breadcrumb\",\"itemListElement\":[{\"@type\":\"ListItem\",\"position\":1,\"name\":\"Home\",\"item\":\"https:\/\/ocpac.vote\/es\/\"},{\"@type\":\"ListItem\",\"position\":2,\"name\":\"Irvine\"}]},{\"@type\":\"WebSite\",\"@id\":\"https:\/\/ocpac.vote\/#website\",\"url\":\"https:\/\/ocpac.vote\/\",\"name\":\"Orange County PAC\",\"description\":\"\",\"publisher\":{\"@id\":\"https:\/\/ocpac.vote\/#organization\"},\"potentialAction\":[{\"@type\":\"SearchAction\",\"target\":{\"@type\":\"EntryPoint\",\"urlTemplate\":\"https:\/\/ocpac.vote\/?s={search_term_string}\"},\"query-input\":{\"@type\":\"PropertyValueSpecification\",\"valueRequired\":true,\"valueName\":\"search_term_string\"}}],\"inLanguage\":\"es\"},{\"@type\":[\"Organization\",\"Place\"],\"@id\":\"https:\/\/ocpac.vote\/#organization\",\"name\":\"Orange County PAC\",\"url\":\"https:\/\/ocpac.vote\/\",\"logo\":{\"@id\":\"https:\/\/ocpac.vote\/es\/irvine\/#local-main-organization-logo\"},\"image\":{\"@id\":\"https:\/\/ocpac.vote\/es\/irvine\/#local-main-organization-logo\"},\"telephone\":[],\"openingHoursSpecification\":[{\"@type\":\"OpeningHoursSpecification\",\"dayOfWeek\":[\"Monday\",\"Tuesday\",\"Wednesday\",\"Thursday\",\"Friday\",\"Saturday\",\"Sunday\"],\"opens\":\"09:00\",\"closes\":\"17:00\"}]},{\"@type\":\"ImageObject\",\"inLanguage\":\"es\",\"@id\":\"https:\/\/ocpac.vote\/es\/irvine\/#local-main-organization-logo\",\"url\":\"https:\/\/ocpac.vote\/wp-content\/uploads\/sites\/7\/2020\/09\/OCPAC-Topbar.png\",\"contentUrl\":\"https:\/\/ocpac.vote\/wp-content\/uploads\/sites\/7\/2020\/09\/OCPAC-Topbar.png\",\"width\":1227,\"height\":190,\"caption\":\"Orange County PAC\"}]}<\/script>\n<!-- \/ Yoast SEO Premium plugin. -->","yoast_head_json":{"title":"Irvine - Orange County PAC","robots":{"index":"index","follow":"follow","max-snippet":"max-snippet:-1","max-image-preview":"max-image-preview:large","max-video-preview":"max-video-preview:-1"},"canonical":"https:\/\/ocpac.vote\/es\/irvine\/","og_locale":"es_ES","og_type":"article","og_title":"Irvine","og_description":"Alcalde de Irvine OCCET Action recomienda a Farrah Khan como alcalde de Irvine. Farrah Khan es due\u00f1a de un restaurante, concejal de Irvine, y ha trabajado en el sector de negocios tanto como en el sector sin fines de lucro. Algunas de sus prioridades incluyen: expandir viviendas para ancianos, veteranos, y personas con discapacidad o [&hellip;]","og_url":"https:\/\/ocpac.vote\/es\/irvine\/","og_site_name":"Orange County PAC","article_modified_time":"2025-02-07T05:48:19+00:00","twitter_card":"summary_large_image","twitter_misc":{"Tiempo de lectura":"2 minutos"},"schema":{"@context":"https:\/\/schema.org","@graph":[{"@type":"WebPage","@id":"https:\/\/ocpac.vote\/es\/irvine\/","url":"https:\/\/ocpac.vote\/es\/irvine\/","name":"Irvine - Orange County PAC","isPartOf":{"@id":"https:\/\/ocpac.vote\/#website"},"primaryImageOfPage":{"@id":"https:\/\/ocpac.vote\/es\/irvine\/#primaryimage"},"image":{"@id":"https:\/\/ocpac.vote\/es\/irvine\/#primaryimage"},"thumbnailUrl":"https:\/\/ocaction.org\/wp-content\/uploads\/sites\/56\/2020\/10\/Candidate-Check-rev25.png","datePublished":"2020-10-10T12:30:19+00:00","dateModified":"2025-02-07T05:48:19+00:00","breadcrumb":{"@id":"https:\/\/ocpac.vote\/es\/irvine\/#breadcrumb"},"inLanguage":"es","potentialAction":[{"@type":"ReadAction","target":["https:\/\/ocpac.vote\/es\/irvine\/"]}]},{"@type":"ImageObject","inLanguage":"es","@id":"https:\/\/ocpac.vote\/es\/irvine\/#primaryimage","url":"https:\/\/ocaction.org\/wp-content\/uploads\/sites\/56\/2020\/10\/Candidate-Check-rev25.png","contentUrl":"https:\/\/ocaction.org\/wp-content\/uploads\/sites\/56\/2020\/10\/Candidate-Check-rev25.png"},{"@type":"BreadcrumbList","@id":"https:\/\/ocpac.vote\/es\/irvine\/#breadcrumb","itemListElement":[{"@type":"ListItem","position":1,"name":"Home","item":"https:\/\/ocpac.vote\/es\/"},{"@type":"ListItem","position":2,"name":"Irvine"}]},{"@type":"WebSite","@id":"https:\/\/ocpac.vote\/#website","url":"https:\/\/ocpac.vote\/","name":"Orange County PAC","description":"","publisher":{"@id":"https:\/\/ocpac.vote\/#organization"},"potentialAction":[{"@type":"SearchAction","target":{"@type":"EntryPoint","urlTemplate":"https:\/\/ocpac.vote\/?s={search_term_string}"},"query-input":{"@type":"PropertyValueSpecification","valueRequired":true,"valueName":"search_term_string"}}],"inLanguage":"es"},{"@type":["Organization","Place"],"@id":"https:\/\/ocpac.vote\/#organization","name":"Orange County PAC","url":"https:\/\/ocpac.vote\/","logo":{"@id":"https:\/\/ocpac.vote\/es\/irvine\/#local-main-organization-logo"},"image":{"@id":"https:\/\/ocpac.vote\/es\/irvine\/#local-main-organization-logo"},"telephone":[],"openingHoursSpecification":[{"@type":"OpeningHoursSpecification","dayOfWeek":["Monday","Tuesday","Wednesday","Thursday","Friday","Saturday","Sunday"],"opens":"09:00","closes":"17:00"}]},{"@type":"ImageObject","inLanguage":"es","@id":"https:\/\/ocpac.vote\/es\/irvine\/#local-main-organization-logo","url":"https:\/\/ocpac.vote\/wp-content\/uploads\/sites\/7\/2020\/09\/OCPAC-Topbar.png","contentUrl":"https:\/\/ocpac.vote\/wp-content\/uploads\/sites\/7\/2020\/09\/OCPAC-Topbar.png","width":1227,"height":190,"caption":"Orange County PAC"}]}},"_links":{"self":[{"href":"https:\/\/ocpac.vote\/es\/wp-json\/wp\/v2\/pages\/2472","targetHints":{"allow":["GET"]}}],"collection":[{"href":"https:\/\/ocpac.vote\/es\/wp-json\/wp\/v2\/pages"}],"about":[{"href":"https:\/\/ocpac.vote\/es\/wp-json\/wp\/v2\/types\/page"}],"author":[{"embeddable":true,"href":"https:\/\/ocpac.vote\/es\/wp-json\/wp\/v2\/users\/1"}],"replies":[{"embeddable":true,"href":"https:\/\/ocpac.vote\/es\/wp-json\/wp\/v2\/comments?post=2472"}],"version-history":[{"count":1,"href":"https:\/\/ocpac.vote\/es\/wp-json\/wp\/v2\/pages\/2472\/revisions"}],"predecessor-version":[{"id":3460,"href":"https:\/\/ocpac.vote\/es\/wp-json\/wp\/v2\/pages\/2472\/revisions\/3460"}],"wp:attachment":[{"href":"https:\/\/ocpac.vote\/es\/wp-json\/wp\/v2\/media?parent=2472"}],"curies":[{"name":"wp","href":"https:\/\/api.w.org\/{rel}","templated":true}]}}